{"id":3116,"date":"2020-12-06T12:59:24","date_gmt":"2020-12-06T11:59:24","guid":{"rendered":"https:\/\/rawa-ruska-union-nationale.fr\/?page_id=3116"},"modified":"2023-05-05T14:55:05","modified_gmt":"2023-05-05T12:55:05","slug":"jugement-de-nuremberg","status":"publish","type":"page","link":"https:\/\/rawa-ruska-union-nationale.fr\/index.php\/jugement-de-nuremberg\/","title":{"rendered":"Jugement de Nuremberg"},"content":{"rendered":"\n<p class=\"has-text-align-center wp-block-paragraph\"><strong>Article paru dans le magazine GEO du 24 avril 2020<\/strong><\/p>\n\n\n<a href=\"https:\/\/rawa-ruska-union-nationale.fr\/wp-content\/uploads\/2020\/04\/Le-Proces-de-Nuremberg-vu-par-Annette-WIEVIORKA-GEO-2020.pdf\" class=\"pdfemb-viewer\" style=\"\" data-width=\"max\" data-height=\"max\" data-toolbar=\"both\" data-toolbar-fixed=\"on\">Le-Proces-de-Nuremberg-vu-par-Annette-WIEVIORKA-GEO-2020<\/a>\n<p class=\"wp-block-pdfemb-pdf-embedder-viewer\"><\/p>\n\n\n\n<p class=\"wp-block-paragraph\"><\/p>\n\n\n\n<p class=\"wp-block-paragraph\"><strong><em>Claude Vanneste<\/em><\/strong> signale que Le livre <a href=\"https:\/\/rawa-ruska-union-nationale.fr\/index.php\/a-lire\/\" data-type=\"URL\" data-id=\"https:\/\/rawa-ruska-union-nationale.fr\/index.php\/a-lire\/\">&#8220;Retours \u00e0 Lemberg&#8221;<\/a> est extr\u00eamement int\u00e9ressant sur les questions de &#8221; crime contre l&#8217;humanit\u00e9&#8221; et sur le &#8220;g\u00e9nocide&#8221;. Il montre comment ces concepts se sont d\u00e9velopp\u00e9s.<br>Ce livre montre aussi le r\u00f4le important de Lemberg dans le Gouvernement G\u00e9n\u00e9ral de Pologne pr\u00e9sid\u00e9 par Hans Franz. Nous le suivons dans son \u00e9volution jusqu&#8217;\u00e0 son accusation \u00e0 Nuremberg.<\/p>\n\n\n\n<p class=\"wp-block-paragraph\"><\/p>\n\n\n<h3 class=\"has-text-align-center\" style=\"text-align: center;\"><strong><em>Autres documents d&#8217;archives<\/em> <\/strong><\/h3>\n<p style=\"text-align: center;\"><strong>D\u00e9position de Paul Roser &#8211; <\/strong><br \/><strong>Nuremberg le 29 janvier 1946<\/strong><\/p>\n<p style=\"text-align: center;\"><a class=\"maxbutton-23 maxbutton maxbutton-deposition-roser\" target=\"_blank\" rel=\"noopener\" href=\"https:\/\/www.unicaen.fr\/recherche\/mrsh\/crdfed\/nuremberg\/consult\/Nuremberg\/06\/45e.xml\/pm29011946.html\"><span class='mb-text'>D\u00e9position de Paul Roser \u00e0 Nuremberg<\/span><\/a><\/p>\n<p>\u00a0<\/p>\n<p style=\"text-align: center;\"><strong><em>Voir aussi les r\u00e9f\u00e9rences faites dans l&#8217;<a href=\"https:\/\/rawa-ruska-union-nationale.fr\/index.php\/envols\/\">Envols 42 &#8211; 82<\/a><\/em><\/strong><\/p>\n<p>\u00a0<\/p>\n<p><strong><em><br \/><\/em><\/strong>Les <span style=\"color: #222222;\"><span style=\"font-family: Arial, Helvetica, sans-serif;\"><span style=\"font-size: medium;\">archives du proc\u00e8s de Nuremberg ont \u00e9t\u00e9 mises en ligne sur le site de l&#8217;US Holocaust M\u00e9morial de Washington. <\/span><\/span><\/span><span style=\"color: #222222;\"><span style=\"font-family: Arial, Helvetica, sans-serif;\"><span style=\"font-size: medium;\">Pour information, l&#8217;USHM poss\u00e8de quelques archives sur Rawa-Ruska ainsi que des t\u00e9moignages film\u00e9s d&#8217;Anciens. <br \/>Voici un extrait\u00a0 de la d\u00e9position de Paul Roser \u00e0 ce tribunal le 29 janvier 1946 (extrait issu de la pr\u00e9sentation du film de Chochana Boukhobza sur &#8220;Les \u00e9vad\u00e9s de Rawa Ruska &#8211; T\u00e9moins de la Shoah&#8221; &#8211; 2016)<br \/><\/span><\/span><\/span><\/p>\n<p class=\"has-text-align-center\" style=\"text-align: center;\"><span style=\"color: #222222;\"><span style=\"font-family: Arial, Helvetica, sans-serif;\"><span style=\"font-size: medium;\"><br \/><\/span><\/span><\/span><a class=\"maxbutton-25 maxbutton maxbutton-extrait-de-la-presentation-du-film\" title=\"Voir et \u00e9couter l&#039;extrait\" href=\"https:\/\/www.dailymotion.com\/video\/x4314eb\"><span class='mb-text'>Voir et \u00e9couter l&#039;extrait<\/span><\/a><\/p>\n<p><!-- \/wp:post-content --><\/p>\n<p><!-- wp:paragraph {\"align\":\"center\"} --><\/p>\n<p>\u00a0<\/p>\n<p class=\"western\">\u00a0<\/p>\n<p><!-- wp:maxbuttons\/maxbuttons-block {\"id\":\"23\",\"url\":\"https:\/\/www.unicaen.fr\/\/recherche\/mrsh\/crdfed\/nuremberg\/consult\/Nuremberg\/06\/45e.xml\/pm29011946\",\"text\":\"D\u00e9position de Paul Roser \u00e0 Nuremberg\",\"text2\":\"\",\"newwindow\":true,\"relnofollow\":false,\"tooltip\":\"\"} \/--><\/p>\n<p><!-- wp:paragraph --><\/p>\n<p>\u00a0<\/p>\n<p><!-- \/wp:paragraph --><\/p>\n<p><!-- wp:paragraph --><\/p>\n<p>\u00a0<\/p>\n<p><!-- \/wp:paragraph --><\/p>\n<p><!-- wp:paragraph --><\/p>\n<p><!-- \/wp:paragraph --><\/p>","protected":false},"excerpt":{"rendered":"<p>Article paru dans le magazine GEO du 24 avril 2020 Claude Vanneste signale que Le livre &#8220;Retours \u00e0 Lemberg&#8221; est extr\u00eamement int\u00e9ressant sur les questions de &#8221; crime contre l&#8217;humanit\u00e9&#8221; et sur le &#8220;g\u00e9nocide&#8221;. Il montre comment ces concepts se sont d\u00e9velopp\u00e9s.Ce livre montre aussi le r\u00f4le important de Lemberg dans le Gouvernement G\u00e9n\u00e9ral de &hellip; <\/p>\n<p class=\"link-more\"><a href=\"https:\/\/rawa-ruska-union-nationale.fr\/index.php\/jugement-de-nuremberg\/\" class=\"more-link\">Continuer la lecture<span class=\"screen-reader-text\"> de &laquo;&nbsp;Jugement de Nuremberg&nbsp;&raquo;<\/span><\/a><\/p>\n","protected":false},"author":1,"featured_media":0,"parent":0,"menu_order":0,"comment_status":"closed","ping_status":"closed","template":"","meta":{"_bbp_topic_count":0,"_bbp_reply_count":0,"_bbp_total_topic_count":0,"_bbp_total_reply_count":0,"_bbp_voice_count":0,"_bbp_anonymous_reply_count":0,"_bbp_topic_count_hidden":0,"_bbp_reply_count_hidden":0,"_bbp_forum_subforum_count":0,"_crdt_document":"","two_page_speed":[],"footnotes":""},"class_list":["post-3116","page","type-page","status-publish","hentry"],"_links":{"self":[{"href":"https:\/\/rawa-ruska-union-nationale.fr\/index.php\/wp-json\/wp\/v2\/pages\/3116","targetHints":{"allow":["GET"]}}],"collection":[{"href":"https:\/\/rawa-ruska-union-nationale.fr\/index.php\/wp-json\/wp\/v2\/pages"}],"about":[{"href":"https:\/\/rawa-ruska-union-nationale.fr\/index.php\/wp-json\/wp\/v2\/types\/page"}],"author":[{"embeddable":true,"href":"https:\/\/rawa-ruska-union-nationale.fr\/index.php\/wp-json\/wp\/v2\/users\/1"}],"replies":[{"embeddable":true,"href":"https:\/\/rawa-ruska-union-nationale.fr\/index.php\/wp-json\/wp\/v2\/comments?post=3116"}],"version-history":[{"count":42,"href":"https:\/\/rawa-ruska-union-nationale.fr\/index.php\/wp-json\/wp\/v2\/pages\/3116\/revisions"}],"predecessor-version":[{"id":7172,"href":"https:\/\/rawa-ruska-union-nationale.fr\/index.php\/wp-json\/wp\/v2\/pages\/3116\/revisions\/7172"}],"wp:attachment":[{"href":"https:\/\/rawa-ruska-union-nationale.fr\/index.php\/wp-json\/wp\/v2\/media?parent=3116"}],"curies":[{"name":"wp","href":"https:\/\/api.w.org\/{rel}","templated":true}]}}